{"id":259,"date":"2026-04-09T08:20:41","date_gmt":"2026-04-09T08:20:41","guid":{"rendered":"https:\/\/www.oreance-executives.com\/?page_id=259"},"modified":"2026-04-14T14:49:26","modified_gmt":"2026-04-14T14:49:26","slug":"recrutement-avocat-senior-droit-social","status":"publish","type":"page","link":"https:\/\/www.oreance-executives.com\/en\/projets\/recrutement-avocat-senior-droit-social\/","title":{"rendered":"Executive Search | Secteur juridique"},"content":{"rendered":"\t\t<div data-elementor-type=\"wp-page\" data-elementor-id=\"259\" class=\"elementor elementor-259\" data-elementor-post-type=\"page\">\n\t\t\t\t<div class=\"elementor-element elementor-element-85d949d e-flex e-con-boxed e-con e-parent\" data-id=\"85d949d\" data-element_type=\"container\" data-e-type=\"container\" data-settings=\"{&quot;background_background&quot;:&quot;classic&quot;}\">\n\t\t\t\t\t<div class=\"e-con-inner\">\n\t\t<div class=\"elementor-element elementor-element-07470f7 e-con-full e-flex e-con e-child\" data-id=\"07470f7\" data-element_type=\"container\" data-e-type=\"container\">\n\t\t<div class=\"elementor-element elementor-element-29fbcdf e-con-full e-flex e-con e-child\" data-id=\"29fbcdf\" data-element_type=\"container\" data-e-type=\"container\">\n\t\t\t\t<div class=\"elementor-element elementor-element-0c2bf19 elementor-widget__width-initial elementor-widget-divider--view-line elementor-widget elementor-widget-divider\" data-id=\"0c2bf19\" data-element_type=\"widget\" data-e-type=\"widget\" data-widget_type=\"divider.default\">\n\t\t\t\t\t\t\t<div class=\"elementor-divider\">\n\t\t\t<span class=\"elementor-divider-separator\">\n\t\t\t\t\t\t<\/span>\n\t\t<\/div>\n\t\t\t\t\t\t<\/div>\n\t\t\t\t<div class=\"elementor-element elementor-element-f37dcbf elementor-invisible elementor-widget elementor-widget-heading\" data-id=\"f37dcbf\" data-element_type=\"widget\" data-e-type=\"widget\" data-settings=\"{&quot;_animation&quot;:&quot;fadeInLeft&quot;}\" data-widget_type=\"heading.default\">\n\t\t\t\t\t<h1 class=\"elementor-heading-title elementor-size-default\">Recrutement d'un Avocat Senior en Droit Social<\/h1>\t\t\t\t<\/div>\n\t\t\t\t<\/div>\n\t\t\t\t<div class=\"elementor-element elementor-element-46216f9 elementor-icon-list--layout-traditional elementor-list-item-link-full_width elementor-widget elementor-widget-icon-list\" data-id=\"46216f9\" data-element_type=\"widget\" data-e-type=\"widget\" data-widget_type=\"icon-list.default\">\n\t\t\t\t\t\t\t<ul class=\"elementor-icon-list-items\">\n\t\t\t\t\t\t\t<li class=\"elementor-icon-list-item\">\n\t\t\t\t\t\t\t\t\t\t\t<span class=\"elementor-icon-list-icon\">\n\t\t\t\t\t\t\t<i aria-hidden=\"true\" class=\"icon icon-checkmark-circle\"><\/i>\t\t\t\t\t\t<\/span>\n\t\t\t\t\t\t\t\t\t\t<span class=\"elementor-icon-list-text\"><strong>Secteur<\/strong> : Secteur juridique<\/span>\n\t\t\t\t\t\t\t\t\t<\/li>\n\t\t\t\t\t\t\t\t<li class=\"elementor-icon-list-item\">\n\t\t\t\t\t\t\t\t\t\t\t<span class=\"elementor-icon-list-icon\">\n\t\t\t\t\t\t\t<i aria-hidden=\"true\" class=\"icon icon-checkmark-circle\"><\/i>\t\t\t\t\t\t<\/span>\n\t\t\t\t\t\t\t\t\t\t<span class=\"elementor-icon-list-text\"><strong>Type de mission<\/strong> : Executive Search \u2014 Approche directe &amp; diffusion cibl\u00e9e<\/span>\n\t\t\t\t\t\t\t\t\t<\/li>\n\t\t\t\t\t\t\t\t<li class=\"elementor-icon-list-item\">\n\t\t\t\t\t\t\t\t\t\t\t<span class=\"elementor-icon-list-icon\">\n\t\t\t\t\t\t\t<i aria-hidden=\"true\" class=\"icon icon-checkmark-circle\"><\/i>\t\t\t\t\t\t<\/span>\n\t\t\t\t\t\t\t\t\t\t<span class=\"elementor-icon-list-text\"><strong>Dur\u00e9e de la mission<\/strong> : 4 semaines pour les premiers candidats pr\u00e9sent\u00e9s<\/span>\n\t\t\t\t\t\t\t\t\t<\/li>\n\t\t\t\t\t\t<\/ul>\n\t\t\t\t\t\t<\/div>\n\t\t\t\t<div class=\"elementor-element elementor-element-43c3aaa elementor-widget__width-initial elementor-absolute elementor-view-default elementor-invisible elementor-widget elementor-widget-icon\" data-id=\"43c3aaa\" data-element_type=\"widget\" data-e-type=\"widget\" data-settings=\"{&quot;_position&quot;:&quot;absolute&quot;,&quot;_animation&quot;:&quot;fadeIn&quot;}\" data-widget_type=\"icon.default\">\n\t\t\t\t\t\t\t<div class=\"elementor-icon-wrapper\">\n\t\t\t<div class=\"elementor-icon\">\n\t\t\t<svg aria-hidden=\"true\" class=\"e-font-icon-svg e-far-square\" viewBox=\"0 0 448 512\" xmlns=\"http:\/\/www.w3.org\/2000\/svg\"><path d=\"M400 32H48C21.5 32 0 53.5 0 80v352c0 26.5 21.5 48 48 48h352c26.5 0 48-21.5 48-48V80c0-26.5-21.5-48-48-48zm-6 400H54c-3.3 0-6-2.7-6-6V86c0-3.3 2.7-6 6-6h340c3.3 0 6 2.7 6 6v340c0 3.3-2.7 6-6 6z\"><\/path><\/svg>\t\t\t<\/div>\n\t\t<\/div>\n\t\t\t\t\t\t<\/div>\n\t\t\t\t<\/div>\n\t\t<div class=\"elementor-element elementor-element-da84d7e e-con-full e-flex e-con e-child\" data-id=\"da84d7e\" data-element_type=\"container\" data-e-type=\"container\">\n\t\t\t\t<div class=\"elementor-element elementor-element-65c8116 elementor-widget elementor-widget-text-editor\" data-id=\"65c8116\" data-element_type=\"widget\" data-e-type=\"widget\" data-widget_type=\"text-editor.default\">\n\t\t\t\t\t\t\t\t\t<p><em>Les informations pr\u00e9sent\u00e9es sur cette page sont volontairement anonymis\u00e9es. La confidentialit\u00e9 de nos missions fait partie int\u00e9grante de notre engagement vis-\u00e0-vis de nos clients.<\/em><\/p>\t\t\t\t\t\t\t\t<\/div>\n\t\t\t\t<\/div>\n\t\t\t\t\t<\/div>\n\t\t\t\t<\/div>\n\t\t<div class=\"elementor-element elementor-element-51c64b7 e-flex e-con-boxed e-con e-parent\" data-id=\"51c64b7\" data-element_type=\"container\" data-e-type=\"container\">\n\t\t\t\t\t<div class=\"e-con-inner\">\n\t\t<div class=\"elementor-element elementor-element-ba9039b e-con-full e-flex e-con e-child\" data-id=\"ba9039b\" data-element_type=\"container\" data-e-type=\"container\">\n\t\t\t\t<div class=\"elementor-element elementor-element-1cd2cb4 elementor-invisible elementor-widget elementor-widget-image\" data-id=\"1cd2cb4\" data-element_type=\"widget\" data-e-type=\"widget\" data-settings=\"{&quot;_animation&quot;:&quot;fadeInLeft&quot;}\" data-widget_type=\"image.default\">\n\t\t\t\t\t\t\t\t\t\t\t\t\t\t\t<img fetchpriority=\"high\" decoding=\"async\" width=\"1000\" height=\"667\" src=\"https:\/\/www.oreance-executives.com\/wp-content\/uploads\/2026\/04\/14245.jpg\" class=\"attachment-full size-full wp-image-278\" alt=\"recrutement avocat s\u00e9nior Paris\" srcset=\"https:\/\/www.oreance-executives.com\/wp-content\/uploads\/2026\/04\/14245.jpg 1000w, https:\/\/www.oreance-executives.com\/wp-content\/uploads\/2026\/04\/14245-300x200.jpg 300w, https:\/\/www.oreance-executives.com\/wp-content\/uploads\/2026\/04\/14245-768x512.jpg 768w\" sizes=\"(max-width: 1000px) 100vw, 1000px\" \/>\t\t\t\t\t\t\t\t\t\t\t\t\t\t\t<\/div>\n\t\t\t\t<div class=\"elementor-element elementor-element-4356ae3 elementor-widget__width-initial elementor-absolute elementor-view-default elementor-invisible elementor-widget elementor-widget-icon\" data-id=\"4356ae3\" data-element_type=\"widget\" data-e-type=\"widget\" data-settings=\"{&quot;_position&quot;:&quot;absolute&quot;,&quot;_animation&quot;:&quot;fadeIn&quot;}\" data-widget_type=\"icon.default\">\n\t\t\t\t\t\t\t<div class=\"elementor-icon-wrapper\">\n\t\t\t<div class=\"elementor-icon\">\n\t\t\t<svg aria-hidden=\"true\" class=\"e-font-icon-svg e-far-square\" viewBox=\"0 0 448 512\" xmlns=\"http:\/\/www.w3.org\/2000\/svg\"><path d=\"M400 32H48C21.5 32 0 53.5 0 80v352c0 26.5 21.5 48 48 48h352c26.5 0 48-21.5 48-48V80c0-26.5-21.5-48-48-48zm-6 400H54c-3.3 0-6-2.7-6-6V86c0-3.3 2.7-6 6-6h340c3.3 0 6 2.7 6 6v340c0 3.3-2.7 6-6 6z\"><\/path><\/svg>\t\t\t<\/div>\n\t\t<\/div>\n\t\t\t\t\t\t<\/div>\n\t\t\t\t<\/div>\n\t\t<div class=\"elementor-element elementor-element-95bc34e e-con-full e-flex e-con e-child\" data-id=\"95bc34e\" data-element_type=\"container\" data-e-type=\"container\">\n\t\t\t\t<div class=\"elementor-element elementor-element-f6b182e elementor-widget__width-initial elementor-invisible elementor-widget elementor-widget-heading\" data-id=\"f6b182e\" data-element_type=\"widget\" data-e-type=\"widget\" data-settings=\"{&quot;_animation&quot;:&quot;fadeInLeft&quot;}\" data-widget_type=\"heading.default\">\n\t\t\t\t\t<h6 class=\"elementor-heading-title elementor-size-default\">Le contexte<\/h6>\t\t\t\t<\/div>\n\t\t\t\t<div class=\"elementor-element elementor-element-6f2a55d elementor-invisible elementor-widget elementor-widget-heading\" data-id=\"6f2a55d\" data-element_type=\"widget\" data-e-type=\"widget\" data-settings=\"{&quot;_animation&quot;:&quot;fadeInUp&quot;}\" data-widget_type=\"heading.default\">\n\t\t\t\t\t<h3 class=\"elementor-heading-title elementor-size-default\">Un cabinet d'avocats parisien en qu\u00eate d'un profil d'exception\n<\/h3>\t\t\t\t<\/div>\n\t\t\t\t<div class=\"elementor-element elementor-element-4912998 elementor-invisible elementor-widget elementor-widget-text-editor\" data-id=\"4912998\" data-element_type=\"widget\" data-e-type=\"widget\" data-settings=\"{&quot;_animation&quot;:&quot;fadeInUp&quot;}\" data-widget_type=\"text-editor.default\">\n\t\t\t\t\t\t\t\t\t<p class=\"font-claude-response-body break-words whitespace-normal leading-[1.7]\">Notre client est un cabinet d&rsquo;avocats parisien \u00e0 taille humaine, reconnu pour son expertise en droit social et protection sociale, intervenant aupr\u00e8s d&rsquo;une client\u00e8le d&rsquo;entreprises \u2014 DRH, chefs d&rsquo;entreprise, fonds d&rsquo;investissement \u2014 sur des probl\u00e9matiques de relations collectives et individuelles de travail.<\/p><p class=\"font-claude-response-body break-words whitespace-normal leading-[1.7]\">Dans le cadre de son d\u00e9veloppement, le cabinet souhaitait recruter un collaborateur avocat senior capable de prendre en charge de mani\u00e8re autonome un portefeuille de dossiers conseil et contentieux, tout en s&rsquo;int\u00e9grant naturellement dans la culture et les valeurs d&rsquo;une structure \u00e0 taille humaine. Un profil aussi rare que strat\u00e9gique pour la p\u00e9rennit\u00e9 et la croissance du cabinet.<\/p>\t\t\t\t\t\t\t\t<\/div>\n\t\t\t\t<\/div>\n\t\t\t\t\t<\/div>\n\t\t\t\t<\/div>\n\t\t<div class=\"elementor-element elementor-element-0ba8982 e-flex e-con-boxed e-con e-parent\" data-id=\"0ba8982\" data-element_type=\"container\" data-e-type=\"container\" data-settings=\"{&quot;background_background&quot;:&quot;classic&quot;}\">\n\t\t\t\t\t<div class=\"e-con-inner\">\n\t\t<div class=\"elementor-element elementor-element-2f9a171 e-con-full e-flex e-con e-child\" data-id=\"2f9a171\" data-element_type=\"container\" data-e-type=\"container\">\n\t\t\t\t<div class=\"elementor-element elementor-element-f8d142d elementor-widget__width-initial elementor-invisible elementor-widget elementor-widget-heading\" data-id=\"f8d142d\" data-element_type=\"widget\" data-e-type=\"widget\" data-settings=\"{&quot;_animation&quot;:&quot;fadeInLeft&quot;}\" data-widget_type=\"heading.default\">\n\t\t\t\t\t<h6 class=\"elementor-heading-title elementor-size-default\">Les enjeux<\/h6>\t\t\t\t<\/div>\n\t\t\t\t<div class=\"elementor-element elementor-element-34289a2 elementor-invisible elementor-widget elementor-widget-heading\" data-id=\"34289a2\" data-element_type=\"widget\" data-e-type=\"widget\" data-settings=\"{&quot;_animation&quot;:&quot;fadeInUp&quot;}\" data-widget_type=\"heading.default\">\n\t\t\t\t\t<h3 class=\"elementor-heading-title elementor-size-default\">Un recrutement \u00e0 double dimension : technique et humaine\n<\/h3>\t\t\t\t<\/div>\n\t\t\t\t<div class=\"elementor-element elementor-element-435cea6 elementor-widget elementor-widget-text-editor\" data-id=\"435cea6\" data-element_type=\"widget\" data-e-type=\"widget\" data-widget_type=\"text-editor.default\">\n\t\t\t\t\t\t\t\t\t<p class=\"font-claude-response-body break-words whitespace-normal leading-[1.7]\">Le secteur juridique est l&rsquo;un des plus exigeants en mati\u00e8re de <a href=\"https:\/\/www.oreance-executives.com\/executive-search\/\">recrutement de profils seniors<\/a>. Les candidats comp\u00e9tents sont rares, tr\u00e8s sollicit\u00e9s, et rarement en recherche active. Les approcher requiert tact, cr\u00e9dibilit\u00e9 et une compr\u00e9hension fine de leur environnement professionnel.<\/p><p class=\"font-claude-response-body break-words whitespace-normal leading-[1.7]\">Au-del\u00e0 des comp\u00e9tences techniques \u2014 ma\u00eetrise du droit social et de la protection sociale, exp\u00e9rience du contentieux, excellentes capacit\u00e9s r\u00e9dactionnelles \u2014 le profil recherch\u00e9 devait pr\u00e9senter des qualit\u00e9s comportementales pr\u00e9cises : rigueur, autonomie, sens du service client, capacit\u00e9 d&rsquo;\u00e9coute et aptitude au travail en \u00e9quipe dans un environnement \u00e0 forte culture professionnelle.<\/p><p class=\"font-claude-response-body break-words whitespace-normal leading-[1.7]\">Le candidat devait \u00e9galement justifier d&rsquo;un Master II en Droit Social ou DJCE, du CAPA, et d&rsquo;une exp\u00e9rience de 5 \u00e0 7 ans en cabinet reconnu dans la pratique du droit social. Une ma\u00eetrise de l&rsquo;anglais op\u00e9rationnel \u00e9tait par ailleurs indispensable.<\/p>\t\t\t\t\t\t\t\t<\/div>\n\t\t\t\t<\/div>\n\t\t<div class=\"elementor-element elementor-element-6b029cc e-con-full e-flex e-con e-child\" data-id=\"6b029cc\" data-element_type=\"container\" data-e-type=\"container\">\n\t\t\t\t<div class=\"elementor-element elementor-element-37f106a elementor-invisible elementor-widget elementor-widget-image\" data-id=\"37f106a\" data-element_type=\"widget\" data-e-type=\"widget\" data-settings=\"{&quot;_animation&quot;:&quot;fadeInLeft&quot;}\" data-widget_type=\"image.default\">\n\t\t\t\t\t\t\t\t\t\t\t\t\t\t\t<img decoding=\"async\" width=\"1000\" height=\"777\" src=\"https:\/\/www.oreance-executives.com\/wp-content\/uploads\/2026\/04\/2151937265.jpg\" class=\"attachment-full size-full wp-image-279\" alt=\"recrutement en secteur juridique\" srcset=\"https:\/\/www.oreance-executives.com\/wp-content\/uploads\/2026\/04\/2151937265.jpg 1000w, https:\/\/www.oreance-executives.com\/wp-content\/uploads\/2026\/04\/2151937265-300x233.jpg 300w, https:\/\/www.oreance-executives.com\/wp-content\/uploads\/2026\/04\/2151937265-768x597.jpg 768w\" sizes=\"(max-width: 1000px) 100vw, 1000px\" \/>\t\t\t\t\t\t\t\t\t\t\t\t\t\t\t<\/div>\n\t\t\t\t<div class=\"elementor-element elementor-element-e9d958e elementor-widget__width-initial elementor-absolute elementor-view-default elementor-invisible elementor-widget elementor-widget-icon\" data-id=\"e9d958e\" data-element_type=\"widget\" data-e-type=\"widget\" data-settings=\"{&quot;_position&quot;:&quot;absolute&quot;,&quot;_animation&quot;:&quot;fadeIn&quot;}\" data-widget_type=\"icon.default\">\n\t\t\t\t\t\t\t<div class=\"elementor-icon-wrapper\">\n\t\t\t<div class=\"elementor-icon\">\n\t\t\t<svg aria-hidden=\"true\" class=\"e-font-icon-svg e-far-square\" viewBox=\"0 0 448 512\" xmlns=\"http:\/\/www.w3.org\/2000\/svg\"><path d=\"M400 32H48C21.5 32 0 53.5 0 80v352c0 26.5 21.5 48 48 48h352c26.5 0 48-21.5 48-48V80c0-26.5-21.5-48-48-48zm-6 400H54c-3.3 0-6-2.7-6-6V86c0-3.3 2.7-6 6-6h340c3.3 0 6 2.7 6 6v340c0 3.3-2.7 6-6 6z\"><\/path><\/svg>\t\t\t<\/div>\n\t\t<\/div>\n\t\t\t\t\t\t<\/div>\n\t\t\t\t<\/div>\n\t\t\t\t\t<\/div>\n\t\t\t\t<\/div>\n\t\t<div class=\"elementor-element elementor-element-6bb796d e-flex e-con-boxed e-con e-parent\" data-id=\"6bb796d\" data-element_type=\"container\" data-e-type=\"container\" data-settings=\"{&quot;background_background&quot;:&quot;gradient&quot;}\">\n\t\t\t\t\t<div class=\"e-con-inner\">\n\t\t<div class=\"elementor-element elementor-element-7407f7e e-con-full e-flex e-con e-child\" data-id=\"7407f7e\" data-element_type=\"container\" data-e-type=\"container\">\n\t\t\t\t<div class=\"elementor-element elementor-element-d80e897 elementor-widget__width-initial elementor-invisible elementor-widget elementor-widget-heading\" data-id=\"d80e897\" data-element_type=\"widget\" data-e-type=\"widget\" data-settings=\"{&quot;_animation&quot;:&quot;fadeInLeft&quot;}\" data-widget_type=\"heading.default\">\n\t\t\t\t\t<h6 class=\"elementor-heading-title elementor-size-default\">Notre approche<\/h6>\t\t\t\t<\/div>\n\t\t\t\t<div class=\"elementor-element elementor-element-afcc077 elementor-invisible elementor-widget elementor-widget-heading\" data-id=\"afcc077\" data-element_type=\"widget\" data-e-type=\"widget\" data-settings=\"{&quot;_animation&quot;:&quot;fadeInUp&quot;}\" data-widget_type=\"heading.default\">\n\t\t\t\t\t<h2 class=\"elementor-heading-title elementor-size-default\">Un accompagnement personnalis\u00e9 \u00e0 chaque \u00e9tape\n<\/h2>\t\t\t\t<\/div>\n\t\t\t\t<div class=\"elementor-element elementor-element-48c76a2 elementor-widget elementor-widget-text-editor\" data-id=\"48c76a2\" data-element_type=\"widget\" data-e-type=\"widget\" data-widget_type=\"text-editor.default\">\n\t\t\t\t\t\t\t\t\t<p class=\"font-claude-response-body break-words whitespace-normal leading-[1.7]\">Conscients de la sensibilit\u00e9 de ce recrutement et de la raret\u00e9 du profil sur le march\u00e9, <a href=\"https:\/\/www.oreance-executives.com\/\">OREANCE<\/a> a d\u00e9ploy\u00e9 une double d\u00e9marche combinant approche directe et diffusion cibl\u00e9e sur les supports d\u00e9di\u00e9s au secteur juridique.<\/p><p class=\"font-claude-response-body break-words whitespace-normal leading-[1.7]\">Un soin particulier a \u00e9t\u00e9 apport\u00e9 \u00e0 la phase de s\u00e9lection : au-del\u00e0 de la v\u00e9rification des qualifications et de l&rsquo;exp\u00e9rience, chaque candidat pr\u00e9s\u00e9lectionn\u00e9 a fait l&rsquo;objet d&rsquo;une \u00e9valuation approfondie de ses aptitudes comportementales et de son ad\u00e9quation avec la culture du cabinet. La short list remise au client \u00e9tait accompagn\u00e9e d&rsquo;un compte-rendu confidentiel d\u00e9taill\u00e9 pour chaque profil.<\/p><p class=\"font-claude-response-body break-words whitespace-normal leading-[1.7]\">Philippe Demarys a particip\u00e9 personnellement \u00e0 l&rsquo;ensemble des entretiens men\u00e9s par la fondatrice du cabinet, apportant son regard et ses \u00e9l\u00e9ments de conseil \u00e0 chaque \u00e9tape du processus de d\u00e9cision. Un suivi rigoureux a \u00e9t\u00e9 assur\u00e9 jusqu&rsquo;\u00e0 la signature du contrat de collaboration et pendant la p\u00e9riode d&rsquo;int\u00e9gration.<\/p>\t\t\t\t\t\t\t\t<\/div>\n\t\t\t\t<\/div>\n\t\t\t\t\t<\/div>\n\t\t\t\t<\/div>\n\t\t<div class=\"elementor-element elementor-element-a71471a e-flex e-con-boxed elementor-invisible e-con e-parent\" data-id=\"a71471a\" data-element_type=\"container\" data-e-type=\"container\" data-settings=\"{&quot;background_background&quot;:&quot;classic&quot;,&quot;animation&quot;:&quot;fadeIn&quot;}\">\n\t\t\t\t\t<div class=\"e-con-inner\">\n\t\t<div class=\"elementor-element elementor-element-8c86129 e-con-full e-flex e-con e-child\" data-id=\"8c86129\" data-element_type=\"container\" data-e-type=\"container\">\n\t\t\t\t<div class=\"elementor-element elementor-element-b42a47f elementor-widget__width-initial elementor-invisible elementor-widget elementor-widget-heading\" data-id=\"b42a47f\" data-element_type=\"widget\" data-e-type=\"widget\" data-settings=\"{&quot;_animation&quot;:&quot;fadeInLeft&quot;}\" data-widget_type=\"heading.default\">\n\t\t\t\t\t<h6 class=\"elementor-heading-title elementor-size-default\">Les r\u00e9sultats<\/h6>\t\t\t\t<\/div>\n\t\t\t\t<div class=\"elementor-element elementor-element-2f6a2f4 elementor-invisible elementor-widget elementor-widget-heading\" data-id=\"2f6a2f4\" data-element_type=\"widget\" data-e-type=\"widget\" data-settings=\"{&quot;_animation&quot;:&quot;fadeInRight&quot;}\" data-widget_type=\"heading.default\">\n\t\t\t\t\t<h2 class=\"elementor-heading-title elementor-size-default\">Un recrutement conduit avec pr\u00e9cision et discr\u00e9tion\n<\/h2>\t\t\t\t<\/div>\n\t\t\t\t<div class=\"elementor-element elementor-element-259bc41 elementor-icon-list--layout-traditional elementor-list-item-link-full_width elementor-widget elementor-widget-icon-list\" data-id=\"259bc41\" data-element_type=\"widget\" data-e-type=\"widget\" data-widget_type=\"icon-list.default\">\n\t\t\t\t\t\t\t<ul class=\"elementor-icon-list-items\">\n\t\t\t\t\t\t\t<li class=\"elementor-icon-list-item\">\n\t\t\t\t\t\t\t\t\t\t\t<span class=\"elementor-icon-list-icon\">\n\t\t\t\t\t\t\t<i aria-hidden=\"true\" class=\"icon icon-checkmark-circle\"><\/i>\t\t\t\t\t\t<\/span>\n\t\t\t\t\t\t\t\t\t\t<span class=\"elementor-icon-list-text\">Premiers candidats qualifi\u00e9s pr\u00e9sent\u00e9s en moins de quatre semaines<\/span>\n\t\t\t\t\t\t\t\t\t<\/li>\n\t\t\t\t\t\t\t\t<li class=\"elementor-icon-list-item\">\n\t\t\t\t\t\t\t\t\t\t\t<span class=\"elementor-icon-list-icon\">\n\t\t\t\t\t\t\t<i aria-hidden=\"true\" class=\"icon icon-checkmark-circle\"><\/i>\t\t\t\t\t\t<\/span>\n\t\t\t\t\t\t\t\t\t\t<span class=\"elementor-icon-list-text\">Profil retenu issu de la combinaison approche directe et diffusion cibl\u00e9e<\/span>\n\t\t\t\t\t\t\t\t\t<\/li>\n\t\t\t\t\t\t\t\t<li class=\"elementor-icon-list-item\">\n\t\t\t\t\t\t\t\t\t\t\t<span class=\"elementor-icon-list-icon\">\n\t\t\t\t\t\t\t<i aria-hidden=\"true\" class=\"icon icon-checkmark-circle\"><\/i>\t\t\t\t\t\t<\/span>\n\t\t\t\t\t\t\t\t\t\t<span class=\"elementor-icon-list-text\">Pr\u00e9sence du consultant \u00e0 l'ensemble des entretiens client<\/span>\n\t\t\t\t\t\t\t\t\t<\/li>\n\t\t\t\t\t\t\t\t<li class=\"elementor-icon-list-item\">\n\t\t\t\t\t\t\t\t\t\t\t<span class=\"elementor-icon-list-icon\">\n\t\t\t\t\t\t\t<i aria-hidden=\"true\" class=\"icon icon-checkmark-circle\"><\/i>\t\t\t\t\t\t<\/span>\n\t\t\t\t\t\t\t\t\t\t<span class=\"elementor-icon-list-text\">Mission conduite dans le respect total de la confidentialit\u00e9 et des exigences d\u00e9ontologiques du secteur juridique<\/span>\n\t\t\t\t\t\t\t\t\t<\/li>\n\t\t\t\t\t\t\t\t<li class=\"elementor-icon-list-item\">\n\t\t\t\t\t\t\t\t\t\t\t<span class=\"elementor-icon-list-icon\">\n\t\t\t\t\t\t\t<i aria-hidden=\"true\" class=\"icon icon-checkmark-circle\"><\/i>\t\t\t\t\t\t<\/span>\n\t\t\t\t\t\t\t\t\t\t<span class=\"elementor-icon-list-text\">Suivi d'int\u00e9gration assur\u00e9 pendant la p\u00e9riode d'essai<\/span>\n\t\t\t\t\t\t\t\t\t<\/li>\n\t\t\t\t\t\t<\/ul>\n\t\t\t\t\t\t<\/div>\n\t\t\t\t<div class=\"elementor-element elementor-element-ab085ca elementor-align-left elementor-invisible elementor-widget elementor-widget-elementskit-button\" data-id=\"ab085ca\" data-element_type=\"widget\" data-e-type=\"widget\" data-settings=\"{&quot;_animation&quot;:&quot;fadeInUp&quot;,&quot;_animation_delay&quot;:500}\" data-widget_type=\"elementskit-button.default\">\n\t\t\t\t\t<div class=\"ekit-wid-con\" >\t\t<div class=\"ekit-btn-wraper\">\n\t\t\t\t\t\t\t<a href=\"https:\/\/www.oreance-executives.com\/contact\/\" class=\"elementskit-btn  whitespace--normal\" id=\"\">\n\t\t\t\t\tConfiez nous le recrutement de votre prochain talent<i class=\"icon icon-right-arrow1\"><\/i>\t\t\t\t<\/a>\n\t\t\t\t\t<\/div>\n        <\/div>\t\t\t\t<\/div>\n\t\t\t\t<\/div>\n\t\t<div class=\"elementor-element elementor-element-0bef479 e-con-full e-flex e-con e-child\" data-id=\"0bef479\" data-element_type=\"container\" data-e-type=\"container\">\n\t\t\t\t<\/div>\n\t\t\t\t\t<\/div>\n\t\t\t\t<\/div>\n\t\t<div class=\"elementor-element elementor-element-393d566 e-flex e-con-boxed e-con e-parent\" data-id=\"393d566\" data-element_type=\"container\" data-e-type=\"container\">\n\t\t\t\t\t<div class=\"e-con-inner\">\n\t\t<div class=\"elementor-element elementor-element-5bdcb22 e-con-full e-flex e-con e-child\" data-id=\"5bdcb22\" data-element_type=\"container\" data-e-type=\"container\">\n\t\t\t\t<div class=\"elementor-element elementor-element-12d1c32 elementor-invisible elementor-widget elementor-widget-image\" data-id=\"12d1c32\" data-element_type=\"widget\" data-e-type=\"widget\" data-settings=\"{&quot;_animation&quot;:&quot;fadeInLeft&quot;}\" data-widget_type=\"image.default\">\n\t\t\t\t\t\t\t\t\t\t\t\t\t\t\t<img decoding=\"async\" width=\"1000\" height=\"563\" src=\"https:\/\/www.oreance-executives.com\/wp-content\/uploads\/2026\/04\/40822.jpg\" class=\"attachment-full size-full wp-image-249\" alt=\"\" srcset=\"https:\/\/www.oreance-executives.com\/wp-content\/uploads\/2026\/04\/40822.jpg 1000w, https:\/\/www.oreance-executives.com\/wp-content\/uploads\/2026\/04\/40822-300x169.jpg 300w, https:\/\/www.oreance-executives.com\/wp-content\/uploads\/2026\/04\/40822-768x432.jpg 768w\" sizes=\"(max-width: 1000px) 100vw, 1000px\" \/>\t\t\t\t\t\t\t\t\t\t\t\t\t\t\t<\/div>\n\t\t\t\t<\/div>\n\t\t<div class=\"elementor-element elementor-element-5071731 e-con-full e-flex e-con e-child\" data-id=\"5071731\" data-element_type=\"container\" data-e-type=\"container\">\n\t\t\t\t<div class=\"elementor-element elementor-element-cd6d5c9 elementor-invisible elementor-widget elementor-widget-heading\" data-id=\"cd6d5c9\" data-element_type=\"widget\" data-e-type=\"widget\" data-settings=\"{&quot;_animation&quot;:&quot;fadeInUp&quot;}\" data-widget_type=\"heading.default\">\n\t\t\t\t\t<h3 class=\"elementor-heading-title elementor-size-default\">Pourquoi ce projet est repr\u00e9sentatif de notre approche<\/h3>\t\t\t\t<\/div>\n\t\t\t\t<div class=\"elementor-element elementor-element-405f882 elementor-widget elementor-widget-text-editor\" data-id=\"405f882\" data-element_type=\"widget\" data-e-type=\"widget\" data-widget_type=\"text-editor.default\">\n\t\t\t\t\t\t\t\t\t<p class=\"font-claude-response-body break-words whitespace-normal leading-[1.7]\">Ce projet illustre notre capacit\u00e9 \u00e0 intervenir dans des secteurs \u00e0 forte culture professionnelle, o\u00f9 la cr\u00e9dibilit\u00e9 du prestataire est un pr\u00e9requis non n\u00e9gociable. Recruter dans le milieu juridique implique de comprendre ses codes, ses exigences et ses temporalit\u00e9s \u2014 et d&rsquo;adapter sa d\u00e9marche en cons\u00e9quence.<\/p><p class=\"font-claude-response-body break-words whitespace-normal leading-[1.7]\">Il illustre \u00e9galement l&rsquo;implication personnelle qui caract\u00e9rise chaque mission OREANCE : \u00eatre pr\u00e9sent \u00e0 tous les entretiens, porter un regard de conseil au-del\u00e0 du simple sourcing, et rester engag\u00e9 jusqu&rsquo;\u00e0 ce que l&rsquo;int\u00e9gration soit r\u00e9ellement r\u00e9ussie.<\/p>\t\t\t\t\t\t\t\t<\/div>\n\t\t\t\t<\/div>\n\t\t\t\t\t<\/div>\n\t\t\t\t<\/div>\n\t\t<div class=\"elementor-element elementor-element-4ee130c e-con-full e-flex e-con e-parent\" data-id=\"4ee130c\" data-element_type=\"container\" data-e-type=\"container\">\n\t\t\t\t<div class=\"elementor-element elementor-element-7729814 elementor-align-left elementor-widget elementor-widget-button\" data-id=\"7729814\" data-element_type=\"widget\" data-e-type=\"widget\" data-widget_type=\"button.default\">\n\t\t\t\t\t\t\t\t\t\t<a class=\"elementor-button elementor-button-link elementor-size-sm\" href=\"https:\/\/www.oreance-executives.com\/projets\/recrutement-directeur-general-industrie\/\">\n\t\t\t\t\t\t<span class=\"elementor-button-content-wrapper\">\n\t\t\t\t\t\t<span class=\"elementor-button-icon\">\n\t\t\t\t<i aria-hidden=\"true\" class=\"icon icon-arrow-left\"><\/i>\t\t\t<\/span>\n\t\t\t\t\t\t\t\t\t<span class=\"elementor-button-text\">Projet pr\u00e9c\u00e9dent : Recrutement d'un Directeur G\u00e9n\u00e9ral<\/span>\n\t\t\t\t\t<\/span>\n\t\t\t\t\t<\/a>\n\t\t\t\t\t\t\t\t<\/div>\n\t\t\t\t<div class=\"elementor-element elementor-element-2c3aa62 elementor-align-right elementor-widget elementor-widget-button\" data-id=\"2c3aa62\" data-element_type=\"widget\" data-e-type=\"widget\" data-widget_type=\"button.default\">\n\t\t\t\t\t\t\t\t\t\t<a class=\"elementor-button elementor-button-link elementor-size-sm\" href=\"https:\/\/www.oreance-executives.com\/projets\/recrutement-ingenieur-avant-vente-technologies\/\">\n\t\t\t\t\t\t<span class=\"elementor-button-content-wrapper\">\n\t\t\t\t\t\t<span class=\"elementor-button-icon\">\n\t\t\t\t<i aria-hidden=\"true\" class=\"icon icon-arrow-right\"><\/i>\t\t\t<\/span>\n\t\t\t\t\t\t\t\t\t<span class=\"elementor-button-text\">Projet suivant : Recrutement d'un Ing\u00e9nieur Avant-Vente<\/span>\n\t\t\t\t\t<\/span>\n\t\t\t\t\t<\/a>\n\t\t\t\t\t\t\t\t<\/div>\n\t\t\t\t<\/div>\n\t\t\t\t<section class=\"elementor-section elementor-top-section elementor-element elementor-element-b96df0e elementor-reverse-tablet elementor-reverse-mobile elementor-section-boxed elementor-section-height-default elementor-section-height-default elementor-invisible\" data-id=\"b96df0e\" data-element_type=\"section\" data-e-type=\"section\" data-settings=\"{&quot;animation&quot;:&quot;fadeIn&quot;}\">\n\t\t\t\t\t\t<div class=\"elementor-container elementor-column-gap-default\">\n\t\t\t\t\t<div class=\"elementor-column elementor-col-100 elementor-top-column elementor-element elementor-element-619e326 elementor-invisible\" data-id=\"619e326\" data-element_type=\"column\" data-e-type=\"column\" data-settings=\"{&quot;background_background&quot;:&quot;classic&quot;,&quot;animation&quot;:&quot;fadeIn&quot;}\">\n\t\t\t<div class=\"elementor-widget-wrap elementor-element-populated\">\n\t\t\t\t\t\t<section class=\"elementor-section elementor-inner-section elementor-element elementor-element-5b6de28 elementor-section-boxed elementor-section-height-default elementor-section-height-default\" data-id=\"5b6de28\" data-element_type=\"section\" data-e-type=\"section\">\n\t\t\t\t\t\t<div class=\"elementor-container elementor-column-gap-default\">\n\t\t\t\t\t<div class=\"elementor-column elementor-col-100 elementor-inner-column elementor-element elementor-element-fd82962\" data-id=\"fd82962\" data-element_type=\"column\" data-e-type=\"column\" data-settings=\"{&quot;background_background&quot;:&quot;classic&quot;}\">\n\t\t\t<div class=\"elementor-widget-wrap elementor-element-populated\">\n\t\t\t\t\t\t<div class=\"elementor-element elementor-element-59d1cda elementor-invisible elementor-widget elementor-widget-heading\" data-id=\"59d1cda\" data-element_type=\"widget\" data-e-type=\"widget\" data-settings=\"{&quot;_animation&quot;:&quot;fadeInUp&quot;}\" data-widget_type=\"heading.default\">\n\t\t\t\t\t<h3 class=\"elementor-heading-title elementor-size-default\">Un recrutement dans un secteur \u00e0 forte exigence ?<\/h3>\t\t\t\t<\/div>\n\t\t\t\t<div class=\"elementor-element elementor-element-4bdec53 elementor-widget-mobile__width-inherit elementor-invisible elementor-widget elementor-widget-text-editor\" data-id=\"4bdec53\" data-element_type=\"widget\" data-e-type=\"widget\" data-settings=\"{&quot;_animation&quot;:&quot;fadeInUp&quot;,&quot;_animation_delay&quot;:250}\" data-widget_type=\"text-editor.default\">\n\t\t\t\t\t\t\t\t\t<p class=\"font-claude-response-body break-words whitespace-normal leading-[1.7]\">Nous sommes \u00e0 votre disposition pour \u00e9changer sur votre besoin. Premier entretien de diagnostic gratuit et confidentiel.<\/p><p class=\"font-claude-response-body break-words whitespace-normal leading-[1.7]\">\u00a0<\/p>\t\t\t\t\t\t\t\t<\/div>\n\t\t\t\t<div class=\"elementor-element elementor-element-956b9d4 elementor-align-center elementor-invisible elementor-widget elementor-widget-elementskit-button\" data-id=\"956b9d4\" data-element_type=\"widget\" data-e-type=\"widget\" data-settings=\"{&quot;_animation&quot;:&quot;fadeInUp&quot;,&quot;_animation_delay&quot;:500}\" data-widget_type=\"elementskit-button.default\">\n\t\t\t\t\t<div class=\"ekit-wid-con\" >\t\t<div class=\"ekit-btn-wraper\">\n\t\t\t\t\t\t\t<a href=\"https:\/\/www.oreance-executives.com\/contact\/\" class=\"elementskit-btn  whitespace--normal\" id=\"\">\n\t\t\t\t\tNous contacter<i class=\"icon icon-right-arrow1\"><\/i>\t\t\t\t<\/a>\n\t\t\t\t\t<\/div>\n        <\/div>\t\t\t\t<\/div>\n\t\t\t\t\t<\/div>\n\t\t<\/div>\n\t\t\t\t\t<\/div>\n\t\t<\/section>\n\t\t\t\t\t<\/div>\n\t\t<\/div>\n\t\t\t\t\t<\/div>\n\t\t<\/section>\n\t\t\t\t<\/div>\n\t\t","protected":false},"excerpt":{"rendered":"<p>Recrutement d&rsquo;un Avocat Senior en Droit Social Secteur : Secteur juridique Type de mission : Executive Search \u2014 Approche directe &amp; diffusion cibl\u00e9e Dur\u00e9e de la mission : 4 semaines pour les premiers candidats pr\u00e9sent\u00e9s Les informations pr\u00e9sent\u00e9es sur cette page sont volontairement anonymis\u00e9es. La confidentialit\u00e9 de nos missions fait partie int\u00e9grante de notre engagement &#8230; <a title=\"Executive Search | Secteur juridique\" class=\"read-more\" href=\"https:\/\/www.oreance-executives.com\/en\/projets\/recrutement-avocat-senior-droit-social\/\" aria-label=\"Read more about Executive Search | Secteur juridique\">Read more<\/a><\/p>","protected":false},"author":1,"featured_media":0,"parent":230,"menu_order":0,"comment_status":"closed","ping_status":"closed","template":"elementor_header_footer","meta":{"footnotes":""},"class_list":["post-259","page","type-page","status-publish"],"yoast_head":"<!-- This site is optimized with the Yoast SEO plugin v27.1.1 - https:\/\/yoast.com\/product\/yoast-seo-wordpress\/ -->\n<title>Recrutement Avocat Senior Droit Social \u2014 Secteur Juridique | OREANCE<\/title>\n<meta name=\"description\" content=\"D\u00e9couvrez comment OREANCE a conduit le recrutement d&#039;un Avocat Senior en Droit Social pour un cabinet parisien sp\u00e9cialis\u00e9. Mission Executive Search par approche directe.\" \/>\n<meta name=\"robots\" content=\"index, follow, max-snippet:-1, max-image-preview:large, max-video-preview:-1\" \/>\n<link rel=\"canonical\" href=\"https:\/\/www.oreance-executives.com\/en\/projects\/recrutement-avocat-senior-droit-social\/\" \/>\n<meta property=\"og:locale\" content=\"en_GB\" \/>\n<meta property=\"og:type\" content=\"article\" \/>\n<meta property=\"og:title\" content=\"Recrutement Avocat Senior Droit Social \u2014 Secteur Juridique | OREANCE\" \/>\n<meta property=\"og:description\" content=\"D\u00e9couvrez comment OREANCE a conduit le recrutement d&#039;un Avocat Senior en Droit Social pour un cabinet parisien sp\u00e9cialis\u00e9. Mission Executive Search par approche directe.\" \/>\n<meta property=\"og:url\" content=\"https:\/\/www.oreance-executives.com\/en\/projects\/recrutement-avocat-senior-droit-social\/\" \/>\n<meta property=\"og:site_name\" content=\"Oreance\" \/>\n<meta property=\"article:modified_time\" content=\"2026-04-14T14:49:26+00:00\" \/>\n<meta property=\"og:image\" content=\"https:\/\/www.oreance-executives.com\/wp-content\/uploads\/2026\/04\/14245.jpg\" \/>\n\t<meta property=\"og:image:width\" content=\"1000\" \/>\n\t<meta property=\"og:image:height\" content=\"667\" \/>\n\t<meta property=\"og:image:type\" content=\"image\/jpeg\" \/>\n<meta name=\"twitter:card\" content=\"summary_large_image\" \/>\n<meta name=\"twitter:label1\" content=\"Estimated reading time\" \/>\n\t<meta name=\"twitter:data1\" content=\"4 minutes\" \/>\n<script type=\"application\/ld+json\" class=\"yoast-schema-graph\">{\"@context\":\"https:\/\/schema.org\",\"@graph\":[{\"@type\":\"WebPage\",\"@id\":\"https:\/\/www.oreance-executives.com\/projets\/recrutement-avocat-senior-droit-social\/\",\"url\":\"https:\/\/www.oreance-executives.com\/projets\/recrutement-avocat-senior-droit-social\/\",\"name\":\"Recrutement Avocat Senior Droit Social \u2014 Secteur Juridique | OREANCE\",\"isPartOf\":{\"@id\":\"https:\/\/www.oreance-executives.com\/#website\"},\"primaryImageOfPage\":{\"@id\":\"https:\/\/www.oreance-executives.com\/projets\/recrutement-avocat-senior-droit-social\/#primaryimage\"},\"image\":{\"@id\":\"https:\/\/www.oreance-executives.com\/projets\/recrutement-avocat-senior-droit-social\/#primaryimage\"},\"thumbnailUrl\":\"https:\/\/www.oreance-executives.com\/wp-content\/uploads\/2026\/04\/14245.jpg\",\"datePublished\":\"2026-04-09T08:20:41+00:00\",\"dateModified\":\"2026-04-14T14:49:26+00:00\",\"description\":\"D\u00e9couvrez comment OREANCE a conduit le recrutement d'un Avocat Senior en Droit Social pour un cabinet parisien sp\u00e9cialis\u00e9. Mission Executive Search par approche directe.\",\"breadcrumb\":{\"@id\":\"https:\/\/www.oreance-executives.com\/projets\/recrutement-avocat-senior-droit-social\/#breadcrumb\"},\"inLanguage\":\"en-GB\",\"potentialAction\":[{\"@type\":\"ReadAction\",\"target\":[\"https:\/\/www.oreance-executives.com\/projets\/recrutement-avocat-senior-droit-social\/\"]}]},{\"@type\":\"ImageObject\",\"inLanguage\":\"en-GB\",\"@id\":\"https:\/\/www.oreance-executives.com\/projets\/recrutement-avocat-senior-droit-social\/#primaryimage\",\"url\":\"https:\/\/www.oreance-executives.com\/wp-content\/uploads\/2026\/04\/14245.jpg\",\"contentUrl\":\"https:\/\/www.oreance-executives.com\/wp-content\/uploads\/2026\/04\/14245.jpg\"},{\"@type\":\"BreadcrumbList\",\"@id\":\"https:\/\/www.oreance-executives.com\/projets\/recrutement-avocat-senior-droit-social\/#breadcrumb\",\"itemListElement\":[{\"@type\":\"ListItem\",\"position\":1,\"name\":\"Home\",\"item\":\"https:\/\/www.oreance-executives.com\/\"},{\"@type\":\"ListItem\",\"position\":2,\"name\":\"Nos Projets\",\"item\":\"https:\/\/www.oreance-executives.com\/projets\/\"},{\"@type\":\"ListItem\",\"position\":3,\"name\":\"Executive Search | Secteur juridique\"}]},{\"@type\":\"WebSite\",\"@id\":\"https:\/\/www.oreance-executives.com\/#website\",\"url\":\"https:\/\/www.oreance-executives.com\/\",\"name\":\"Oreance\",\"description\":\"Coaching et recrutement manag&eacute;rial\",\"publisher\":{\"@id\":\"https:\/\/www.oreance-executives.com\/#organization\"},\"potentialAction\":[{\"@type\":\"SearchAction\",\"target\":{\"@type\":\"EntryPoint\",\"urlTemplate\":\"https:\/\/www.oreance-executives.com\/?s={search_term_string}\"},\"query-input\":{\"@type\":\"PropertyValueSpecification\",\"valueRequired\":true,\"valueName\":\"search_term_string\"}}],\"inLanguage\":\"en-GB\"},{\"@type\":\"Organization\",\"@id\":\"https:\/\/www.oreance-executives.com\/#organization\",\"name\":\"Oreance\",\"url\":\"https:\/\/www.oreance-executives.com\/\",\"logo\":{\"@type\":\"ImageObject\",\"inLanguage\":\"en-GB\",\"@id\":\"https:\/\/www.oreance-executives.com\/#\/schema\/logo\/image\/\",\"url\":\"https:\/\/www.oreance-executives.com\/wp-content\/uploads\/2026\/03\/Logo-oreance-v2.png\",\"contentUrl\":\"https:\/\/www.oreance-executives.com\/wp-content\/uploads\/2026\/03\/Logo-oreance-v2.png\",\"width\":1898,\"height\":448,\"caption\":\"Oreance\"},\"image\":{\"@id\":\"https:\/\/www.oreance-executives.com\/#\/schema\/logo\/image\/\"}}]}<\/script>\n<!-- \/ Yoast SEO plugin. -->","yoast_head_json":{"title":"Recrutement Avocat Senior Droit Social \u2014 Secteur Juridique | OREANCE","description":"D\u00e9couvrez comment OREANCE a conduit le recrutement d'un Avocat Senior en Droit Social pour un cabinet parisien sp\u00e9cialis\u00e9. Mission Executive Search par approche directe.","robots":{"index":"index","follow":"follow","max-snippet":"max-snippet:-1","max-image-preview":"max-image-preview:large","max-video-preview":"max-video-preview:-1"},"canonical":"https:\/\/www.oreance-executives.com\/en\/projects\/recrutement-avocat-senior-droit-social\/","og_locale":"en_GB","og_type":"article","og_title":"Recrutement Avocat Senior Droit Social \u2014 Secteur Juridique | OREANCE","og_description":"D\u00e9couvrez comment OREANCE a conduit le recrutement d'un Avocat Senior en Droit Social pour un cabinet parisien sp\u00e9cialis\u00e9. Mission Executive Search par approche directe.","og_url":"https:\/\/www.oreance-executives.com\/en\/projects\/recrutement-avocat-senior-droit-social\/","og_site_name":"Oreance","article_modified_time":"2026-04-14T14:49:26+00:00","og_image":[{"width":1000,"height":667,"url":"https:\/\/www.oreance-executives.com\/wp-content\/uploads\/2026\/04\/14245.jpg","type":"image\/jpeg"}],"twitter_card":"summary_large_image","twitter_misc":{"Estimated reading time":"4 minutes"},"schema":{"@context":"https:\/\/schema.org","@graph":[{"@type":"WebPage","@id":"https:\/\/www.oreance-executives.com\/projets\/recrutement-avocat-senior-droit-social\/","url":"https:\/\/www.oreance-executives.com\/projets\/recrutement-avocat-senior-droit-social\/","name":"Recrutement Avocat Senior Droit Social \u2014 Secteur Juridique | OREANCE","isPartOf":{"@id":"https:\/\/www.oreance-executives.com\/#website"},"primaryImageOfPage":{"@id":"https:\/\/www.oreance-executives.com\/projets\/recrutement-avocat-senior-droit-social\/#primaryimage"},"image":{"@id":"https:\/\/www.oreance-executives.com\/projets\/recrutement-avocat-senior-droit-social\/#primaryimage"},"thumbnailUrl":"https:\/\/www.oreance-executives.com\/wp-content\/uploads\/2026\/04\/14245.jpg","datePublished":"2026-04-09T08:20:41+00:00","dateModified":"2026-04-14T14:49:26+00:00","description":"D\u00e9couvrez comment OREANCE a conduit le recrutement d'un Avocat Senior en Droit Social pour un cabinet parisien sp\u00e9cialis\u00e9. Mission Executive Search par approche directe.","breadcrumb":{"@id":"https:\/\/www.oreance-executives.com\/projets\/recrutement-avocat-senior-droit-social\/#breadcrumb"},"inLanguage":"en-GB","potentialAction":[{"@type":"ReadAction","target":["https:\/\/www.oreance-executives.com\/projets\/recrutement-avocat-senior-droit-social\/"]}]},{"@type":"ImageObject","inLanguage":"en-GB","@id":"https:\/\/www.oreance-executives.com\/projets\/recrutement-avocat-senior-droit-social\/#primaryimage","url":"https:\/\/www.oreance-executives.com\/wp-content\/uploads\/2026\/04\/14245.jpg","contentUrl":"https:\/\/www.oreance-executives.com\/wp-content\/uploads\/2026\/04\/14245.jpg"},{"@type":"BreadcrumbList","@id":"https:\/\/www.oreance-executives.com\/projets\/recrutement-avocat-senior-droit-social\/#breadcrumb","itemListElement":[{"@type":"ListItem","position":1,"name":"Home","item":"https:\/\/www.oreance-executives.com\/"},{"@type":"ListItem","position":2,"name":"Nos Projets","item":"https:\/\/www.oreance-executives.com\/projets\/"},{"@type":"ListItem","position":3,"name":"Executive Search | Secteur juridique"}]},{"@type":"WebSite","@id":"https:\/\/www.oreance-executives.com\/#website","url":"https:\/\/www.oreance-executives.com\/","name":"Oreance","description":"Coaching and management recruitment","publisher":{"@id":"https:\/\/www.oreance-executives.com\/#organization"},"potentialAction":[{"@type":"SearchAction","target":{"@type":"EntryPoint","urlTemplate":"https:\/\/www.oreance-executives.com\/?s={search_term_string}"},"query-input":{"@type":"PropertyValueSpecification","valueRequired":true,"valueName":"search_term_string"}}],"inLanguage":"en-GB"},{"@type":"Organization","@id":"https:\/\/www.oreance-executives.com\/#organization","name":"Oreance","url":"https:\/\/www.oreance-executives.com\/","logo":{"@type":"ImageObject","inLanguage":"en-GB","@id":"https:\/\/www.oreance-executives.com\/#\/schema\/logo\/image\/","url":"https:\/\/www.oreance-executives.com\/wp-content\/uploads\/2026\/03\/Logo-oreance-v2.png","contentUrl":"https:\/\/www.oreance-executives.com\/wp-content\/uploads\/2026\/03\/Logo-oreance-v2.png","width":1898,"height":448,"caption":"Oreance"},"image":{"@id":"https:\/\/www.oreance-executives.com\/#\/schema\/logo\/image\/"}}]}},"_links":{"self":[{"href":"https:\/\/www.oreance-executives.com\/en\/wp-json\/wp\/v2\/pages\/259","targetHints":{"allow":["GET"]}}],"collection":[{"href":"https:\/\/www.oreance-executives.com\/en\/wp-json\/wp\/v2\/pages"}],"about":[{"href":"https:\/\/www.oreance-executives.com\/en\/wp-json\/wp\/v2\/types\/page"}],"author":[{"embeddable":true,"href":"https:\/\/www.oreance-executives.com\/en\/wp-json\/wp\/v2\/users\/1"}],"replies":[{"embeddable":true,"href":"https:\/\/www.oreance-executives.com\/en\/wp-json\/wp\/v2\/comments?post=259"}],"version-history":[{"count":16,"href":"https:\/\/www.oreance-executives.com\/en\/wp-json\/wp\/v2\/pages\/259\/revisions"}],"predecessor-version":[{"id":412,"href":"https:\/\/www.oreance-executives.com\/en\/wp-json\/wp\/v2\/pages\/259\/revisions\/412"}],"up":[{"embeddable":true,"href":"https:\/\/www.oreance-executives.com\/en\/wp-json\/wp\/v2\/pages\/230"}],"wp:attachment":[{"href":"https:\/\/www.oreance-executives.com\/en\/wp-json\/wp\/v2\/media?parent=259"}],"curies":[{"name":"wp","href":"https:\/\/api.w.org\/{rel}","templated":true}]}}